{"id":21,"date":"2026-04-29T13:16:57","date_gmt":"2026-04-29T13:16:57","guid":{"rendered":"https:\/\/locoverlag.evolootion.ch\/?page_id=21"},"modified":"2026-04-29T13:16:57","modified_gmt":"2026-04-29T13:16:57","slug":"neuheiten","status":"publish","type":"page","link":"https:\/\/locoverlag.evolootion.ch\/?page_id=21","title":{"rendered":"Neuheiten"},"content":{"rendered":"\n<p><strong>Volker Mohr, \u00bbDie h\u00f6llische Kom\u00f6die\u00ab \u2013 Novelle<\/strong><\/p>\n\n\n\n<p>Hineingeworfen in eine Schattenwelt, in der alles Kopf steht, in der das B\u00f6se lauert, die L\u00fcge regiert, der Wahnsinn triumphiert, k\u00e4mpft sich ein namenloser Held zur\u00fcck ans Licht. Die Reise ins Herz der Dunkelheit, verlangt ihm alles ab, konfrontiert ihn mit den Abgr\u00fcnden der Welt, aus der er kam. Wie \u00bboben\u00ab, so auch \u00bbunten\u00ab. Alles Illusion, nur ein b\u00f6ser Traum? Oder doch schreckliche Realit\u00e4t?<\/p>\n\n\n\n<p>Volker Mohr \u00bbDie h\u00f6llische Kom\u00f6die\u00ab \u2013 Novellen<\/p>\n\n\n\n<p>138 Seiten, gebunden, ISBN 978 3 9525491 8 6<\/p>\n\n\n\n<p>Fr. 26.\u2013 \/ Euro 22.\u2013<\/p>\n\n\n\n<p>Rezension:<\/p>\n\n\n\n<p><a href=\"http:\/\/www.loco-verlag.ch\/doku\/Rezension%20%BBKom%F6die%AB%20Junge%20_Freiheit.pdf\" target=\"_blank\" rel=\"noreferrer noopener\">Buchbesprechung \u00bbJunge Freitheit\u00ab<\/a><\/p>\n\n\n\n<p><a href=\"http:\/\/www.loco-verlag.ch\/doku\/Rezension%20%BBKom%F6die%AB%20SN.pdf\" target=\"_blank\" rel=\"noreferrer noopener\">Buchbesprechung \u00bbSchaffhauser Nachrichten<\/a><a href=\"http:\/\/www.loco-verlag.ch\/doku\/shn_h%FCrlimann_buchbesprechung.pdf\" target=\"_blank\" rel=\"noreferrer noopener\">\u00ab<\/a><\/p>\n","protected":false},"excerpt":{"rendered":"<p>Volker Mohr, \u00bbDie h\u00f6llische Kom\u00f6die\u00ab \u2013 Novelle Hineingeworfen in eine Schattenwelt, in der alles Kopf steht, in der das B\u00f6se lauert, die L\u00fcge regiert, der Wahnsinn triumphiert, k\u00e4mpft sich ein namenloser Held zur\u00fcck ans Licht. Die Reise ins Herz der Dunkelheit, verlangt ihm alles ab, konfrontiert ihn mit den Abgr\u00fcnden der Welt, aus der er [&hellip;]<\/p>\n","protected":false},"author":1,"featured_media":0,"parent":0,"menu_order":0,"comment_status":"closed","ping_status":"closed","template":"","meta":{"footnotes":""},"class_list":["post-21","page","type-page","status-publish","hentry"],"_links":{"self":[{"href":"https:\/\/locoverlag.evolootion.ch\/index.php?rest_route=\/wp\/v2\/pages\/21","targetHints":{"allow":["GET"]}}],"collection":[{"href":"https:\/\/locoverlag.evolootion.ch\/index.php?rest_route=\/wp\/v2\/pages"}],"about":[{"href":"https:\/\/locoverlag.evolootion.ch\/index.php?rest_route=\/wp\/v2\/types\/page"}],"author":[{"embeddable":true,"href":"https:\/\/locoverlag.evolootion.ch\/index.php?rest_route=\/wp\/v2\/users\/1"}],"replies":[{"embeddable":true,"href":"https:\/\/locoverlag.evolootion.ch\/index.php?rest_route=%2Fwp%2Fv2%2Fcomments&post=21"}],"version-history":[{"count":1,"href":"https:\/\/locoverlag.evolootion.ch\/index.php?rest_route=\/wp\/v2\/pages\/21\/revisions"}],"predecessor-version":[{"id":23,"href":"https:\/\/locoverlag.evolootion.ch\/index.php?rest_route=\/wp\/v2\/pages\/21\/revisions\/23"}],"wp:attachment":[{"href":"https:\/\/locoverlag.evolootion.ch\/index.php?rest_route=%2Fwp%2Fv2%2Fmedia&parent=21"}],"curies":[{"name":"wp","href":"https:\/\/api.w.org\/{rel}","templated":true}]}}